{"id":2067,"date":"2021-03-14T23:32:34","date_gmt":"2021-03-14T21:32:34","guid":{"rendered":"https:\/\/indecs.fi\/?page_id=2067"},"modified":"2026-03-02T10:13:15","modified_gmt":"2026-03-02T08:13:15","slug":"edelliset-hallitukset","status":"publish","type":"page","link":"https:\/\/indecs.fi\/en\/edelliset-hallitukset\/","title":{"rendered":"Previous boards"},"content":{"rendered":"<figure class=\"wp-block-table\"><table class=\"has-fixed-layout\"><tbody><tr><td><strong>2025<\/strong><\/td><td><\/td><\/tr><tr><td>Chair of the Board<\/td><td>Nea Airaksinen<\/td><\/tr><tr><td>Secretary<\/td><td>Lauri Kontinen<\/td><\/tr><tr><td>Treasurer<\/td><td>Matti H\u00e4m\u00e4l\u00e4inen<\/td><\/tr><tr><td>Corporate Relations Responsible<\/td><td>Daniel Kario<\/td><\/tr><tr><td>Teekkari Responsible<\/td><td>Jesse Maijanen<\/td><\/tr><tr><td>Event Responsible<\/td><td>Sanni Jaatinen<\/td><\/tr><tr><td>Fuksi Captain<\/td><td>Kasper Myllykangas<\/td><\/tr><tr><td>Kolmio Party Responsible<\/td><td>Vilma Salo<\/td><\/tr><tr><td>International Affairs Responsible<\/td><td>Emmi Kultala<\/td><\/tr><tr><td>Academic Affairs Responsible<\/td><td>Madalina Kaisanlahti<\/td><\/tr><tr><td>Tilatoimari (kev\u00e4t)<\/td><td>Olli Niemi<\/td><\/tr><tr><td>39. vuosijuhlatoimari<\/td><td>Juho Jokinen<\/td><\/tr><tr><td>40. vuosijuhlatoimari<\/td><td>Antton Ilmakangas<\/td><\/tr><tr><td>Alumni Officer<\/td><td>Silja-Sofia Palojoki<\/td><\/tr><tr><td>Brand Officer<\/td><td>Anna Virtaala<\/td><\/tr><tr><td>Data Officer (Spring)<\/td><td>Antton Ilmakangas<\/td><\/tr><tr><td>Data Officer (Autumn)<\/td><td>Leevi P\u00f6yry<\/td><\/tr><tr><td>Previous Chair of the Board<\/td><td>Otto Tikkala<\/td><\/tr><tr><td>Freshmen Officer (Spring)<\/td><td>Nelli Berg<\/td><\/tr><tr><td>Freshmen Officer (Spring)<\/td><td>Kasper Myllykangas<\/td><\/tr><tr><td>Freshmen Officer (Autumn)<\/td><td>Iisa Kivim\u00e4ki<\/td><\/tr><tr><td>Freshmen Officer (Autumn)<\/td><td>Harri P\u00f6ntys<\/td><\/tr><tr><td>Well-being Officer<\/td><td>Arttu Leivisk\u00e4<\/td><\/tr><tr><td>International Students Officer<\/td><td>Erika M\u00e4kel\u00e4<\/td><\/tr><tr><td>Kolmio Officer<\/td><td>Tinja Taipale<\/td><\/tr><tr><td>ESTIEM Officer<\/td><td>Roni Pekki<\/td><\/tr><tr><td>Media Officer<\/td><td>Nea Torssonen<\/td><\/tr><tr><td>Editor-in-Chief<\/td><td>Pepita M\u00e4ki-Soini<\/td><\/tr><tr><td>Long Excursion Officer<\/td><td>Mico Kallio<\/td><\/tr><tr><td>Financial Officer<\/td><td>Tuomas Jaskari<\/td><\/tr><tr><td>Event Officer<\/td><td>Aleksi Sorsa<\/td><\/tr><tr><td>Event Officer<\/td><td>Meea Hakala<\/td><\/tr><tr><td>Teekkari Officer<\/td><td>Iida Marttila<\/td><\/tr><tr><td>Property Officer<\/td><td>Miko Jokela<\/td><\/tr><tr><td>Corporate Relations Officer<\/td><td>Aapo Granqvist<\/td><\/tr><tr><td>Corporate Relations Officer<\/td><td>Sakari Nikkola<\/td><\/tr><tr><td>Foreign affairs Officer<\/td><td>Elena M\u00e4ki<\/td><\/tr><\/tbody><\/table><\/figure>\n\n\n\n<figure class=\"wp-block-table\"><table class=\"has-fixed-layout\"><tbody><tr><td><strong>2024<\/strong><\/td><td><\/td><\/tr><tr><td>Chair of the Board<\/td><td>Otto Tikkala<\/td><\/tr><tr><td>Secretary<\/td><td>Josefiina Saukko<\/td><\/tr><tr><td>Treasurer<\/td><td>Katja Keitaanranta<\/td><\/tr><tr><td>Corporate Relations Responsible<\/td><td>Jere Kaikkonen<\/td><\/tr><tr><td>Teekkari Responsible<\/td><td>Tuomas Tyynel\u00e4<\/td><\/tr><tr><td>Event Responsible<\/td><td>Nea Airaksinen<\/td><\/tr><tr><td>Fuksi Captain<\/td><td>Elena M\u00e4ki<\/td><\/tr><tr><td>Kolmio Party Responsible<\/td><td>Petrus Sepp\u00e4l\u00e4<\/td><\/tr><tr><td>International Affairs Responsible<\/td><td>Tomi Suomi<\/td><\/tr><tr><td>Academic Affairs Responsible<\/td><td>Lauri Kohvakka<\/td><\/tr><tr><td>Responsible for Premises<\/td><td>Aava Mattila<\/td><\/tr><tr><td><\/td><td><\/td><\/tr><tr><td>38. Anniversary Officer<\/td><td>Riina Saari<\/td><\/tr><tr><td>39. vuosijuhlatoimari<\/td><td>Juho Jokinen<\/td><\/tr><tr><td>Alumni Officer<\/td><td>Juho Puoliv\u00e4li<\/td><\/tr><tr><td>Brand Officer<\/td><td>Lauri Kontinen<\/td><\/tr><tr><td>Data Officer (Spring)<\/td><td>Teemu Kaiturinm\u00e4ki<\/td><\/tr><tr><td>Data Officer (Autumn)<\/td><td>Antton Ilmakangas<\/td><\/tr><tr><td>AlfaNaaras<\/td><td>Saara Pirinen<\/td><\/tr><tr><td>Freshmen Officer (Spring)<\/td><td>Elena M\u00e4ki<\/td><\/tr><tr><td>Freshmen Officer (Spring)<\/td><td>Tuomas Tyynel\u00e4<\/td><\/tr><tr><td>Freshmen Officer (Autumn)<\/td><td>Kasper Myllykangas<\/td><\/tr><tr><td>Freshmen Officer (Autumn)<\/td><td>Nelli Berg<\/td><\/tr><tr><td>Well-being Officer<\/td><td>Atte Heinola<\/td><\/tr><tr><td>International Students Officer<\/td><td>Elina Rantala<\/td><\/tr><tr><td>Kolmio Officer<\/td><td>Jonna Kiilamaa<\/td><\/tr><tr><td>ESTIEM Officer<\/td><td>Niko Husso<\/td><\/tr><tr><td>Media Officer<\/td><td>Anni Kimpim\u00e4ki<\/td><\/tr><tr><td>Editor-in-Chief<\/td><td>Tyyne Hulkko<\/td><\/tr><tr><td>Long Excursion Officer<\/td><td>Erkka Tuhkanen<\/td><\/tr><tr><td>Financial Officer<\/td><td>Matti H\u00e4m\u00e4l\u00e4inen<\/td><\/tr><tr><td>Event Officer<\/td><td>Sanni Jaatinen<\/td><\/tr><tr><td>Event Officer<\/td><td>Leevi P\u00f6yry<\/td><\/tr><tr><td>Teekkari Officer<\/td><td>Mico Kallio<\/td><\/tr><tr><td>Property Officer<\/td><td>Oliver Kerola<\/td><\/tr><tr><td>Corporate Relations Officer<\/td><td>Daniel Kario<\/td><\/tr><tr><td>Corporate Relations Officer<\/td><td>Ilmari Tokola<\/td><\/tr><tr><td>Tuta days Officer<\/td><td>Tuuli M\u00e4kinen<\/td><\/tr><\/tbody><\/table><\/figure>\n\n\n\n<figure class=\"wp-block-table\"><table><tbody><tr><td><strong>2023<\/strong><\/td><td><\/td><\/tr><tr><td>Chair of the Board<\/td><td>Saara Pirinen<\/td><\/tr><tr><td>Secretary<\/td><td>Siiri Lintunen<\/td><\/tr><tr><td>Treasurer<\/td><td>Matti Honkanen<\/td><\/tr><tr><td>Corporate Relations Responsible<\/td><td>Leevi T\u00f6r\u00f6l\u00e4<\/td><\/tr><tr><td>Teekkari Responsible<\/td><td>Juho Jokinen<\/td><\/tr><tr><td>Event Responsible<\/td><td>Taru Alastalo<\/td><\/tr><tr><td>Fuksi Captain<\/td><td>Sanna Peltonen<\/td><\/tr><tr><td>Kolmio Party Responsible<\/td><td>Katri Kujala<\/td><\/tr><tr><td>International Affairs Responsible<\/td><td>Otto Tikkala<\/td><\/tr><tr><td>Academic Affairs Responsible<\/td><td>Juho Peltom\u00e4ki<\/td><\/tr><tr><td><\/td><td><\/td><\/tr><tr><td>37. Anniversary Officer<\/td><td>Liina Laine<\/td><\/tr><tr><td>38. Anniversary Officer<\/td><td>Riina Saari<\/td><\/tr><tr><td>Alumni Officer<\/td><td>Riikka Alatalkkari<\/td><\/tr><tr><td>Brand Officer<\/td><td>Otto Lassila<\/td><\/tr><tr><td>Data Officer<\/td><td>Teemu Kaiturinm\u00e4ki<\/td><\/tr><tr><td>Eversti Handels<\/td><td>Juho Handolin<\/td><\/tr><tr><td>Freshmen Officer (Spring)<\/td><td>Aleksi Virkkala<\/td><\/tr><tr><td>Freshmen Officer (Autumn)<\/td><td>Elena M\u00e4ki<\/td><\/tr><tr><td>Freshmen Officer (Autumn)<\/td><td>Tuomas Tyynel\u00e4<\/td><\/tr><tr><td>Well-being Officer<\/td><td>Aaro My\u00f6h\u00e4nen<\/td><\/tr><tr><td>International Students Officer<\/td><td>Tomi Suomi<\/td><\/tr><tr><td>Kolmio Officer<\/td><td>Nuutti Rissanen<\/td><\/tr><tr><td>KV\u00ad-toimari<\/td><td>Marcus Dence<\/td><\/tr><tr><td>Mayhem Officer<\/td><td>Onni Hemminki<\/td><\/tr><tr><td>Media Officer<\/td><td>Anni Honkonen<\/td><\/tr><tr><td>Editor-in-Chief<\/td><td>Josefiina Saukko<\/td><\/tr><tr><td>Long Excursion Officer<\/td><td>Petja Paananen<\/td><\/tr><tr><td>Financial Officer<\/td><td>Katja Keitaanranta<\/td><\/tr><tr><td>Event Officer<\/td><td>Tuuli M\u00e4kinen<\/td><\/tr><tr><td>Event Officer<\/td><td>Nea Airaksinen<\/td><\/tr><tr><td>Teekkari Officer<\/td><td>Noora Rakeva<\/td><\/tr><tr><td>Property Officer<\/td><td>Ville-Veikko Kylm\u00e4luoma<\/td><\/tr><tr><td>Corporate Relations Officer<\/td><td>Jere Kaikkonen<\/td><\/tr><tr><td>Corporate Relations Officer<\/td><td>Konsta Kiiskinen<\/td><\/tr><\/tbody><\/table><\/figure>\n\n\n\n<figure class=\"wp-block-table\"><table><tbody><tr><td><strong>2022<\/strong><\/td><td><\/td><\/tr><tr><td>Chair of the Board<\/td><td>Juho Handolin<\/td><\/tr><tr><td>Secretary<\/td><td>Riina Saari<\/td><\/tr><tr><td>Treasurer<\/td><td>Aslak Alaluusua<\/td><\/tr><tr><td>Corporate Relations Responsible<\/td><td>Juho Puoliv\u00e4li<\/td><\/tr><tr><td>Teekkari Responsible<\/td><td>Roope Horila<\/td><\/tr><tr><td>Event Responsible<\/td><td>Saara Pirinen<\/td><\/tr><tr><td>Fuksi Captain<\/td><td>Aku-Matti P\u00f6lkki<\/td><\/tr><tr><td>Kolmio Party Responsible<\/td><td>Iida Smolander<\/td><\/tr><tr><td>International Affairs Responsible<\/td><td>Julia Vaara<\/td><\/tr><tr><td>Academic Affairs Responsible<\/td><td>Liisa S\u00e4til\u00e4<\/td><\/tr><tr><td><\/td><td><\/td><\/tr><tr><td>36. vuosijuhlatoimari<\/td><td>Emma Nyk\u00e4nen<\/td><\/tr><tr><td>37. Anniversary Officer<\/td><td>Liina Laine<\/td><\/tr><tr><td>Alumni Officer<\/td><td>Juho Martikainen<\/td><\/tr><tr><td>Data Officer<\/td><td>Timo J\u00e4rventausta<\/td><\/tr><tr><td>Freshmen Officer (Spring)<\/td><td>Tellu Korhonen<\/td><\/tr><tr><td>Freshmen Officer (Autumn)<\/td><td>Sanna Peltonen<\/td><\/tr><tr><td>Freshmen Officer (Autumn)<\/td><td>Aleksi Virkkala<\/td><\/tr><tr><td>Well-being Officer<\/td><td>Veeti Kyll\u00f6nen<\/td><\/tr><tr><td>International affairs\n  assistant<\/td><td>Vilma Kouvo<\/td><\/tr><tr><td>Kolmio Officer<\/td><td>Sara Nevalainen<\/td><\/tr><tr><td>KV\u00ad-toimari<\/td><td>Juhani Koppinen<\/td><\/tr><tr><td>Lady Domina<\/td><td>Emma Lindfors<\/td><\/tr><tr><td>Mayhem Officer<\/td><td>Kasper Valtonen<\/td><\/tr><tr><td>Media Officer<\/td><td>Riikka Alatalkkari<\/td><\/tr><tr><td>Perinnetoimari<\/td><td>Maija Lemponen<\/td><\/tr><tr><td>Editor-in-Chief<\/td><td>Siiri Lintunen<\/td><\/tr><tr><td>Long Excursion Officer<\/td><td>Tero Hakulinen<\/td><\/tr><tr><td>Financial Officer<\/td><td>Matti Honkanen<\/td><\/tr><tr><td>Event Officer<\/td><td>Taru Alastalo<\/td><\/tr><tr><td>Teekkari Officer<\/td><td>Oskari Kyr\u00f6l\u00e4<\/td><\/tr><tr><td>Property Officer<\/td><td>V\u00e4in\u00f6 Korolainen<\/td><\/tr><tr><td>Corporate Relations Officer<\/td><td>Tuomas Haanp\u00e4\u00e4<\/td><\/tr><tr><td><\/td><td><\/td><\/tr><tr><td><strong>2021<\/strong><\/td><td><\/td><\/tr><tr><td>Chair of the Board<\/td><td>Emma Lindfors<\/td><\/tr><tr><td>Secretary<\/td><td>Iiro Vartio<\/td><\/tr><tr><td>Treasurer<\/td><td>Markus Sarmala<\/td><\/tr><tr><td>Corporate Relations Responsible<\/td><td>Mikko Partanen<\/td><\/tr><tr><td>Teekkari Responsible<\/td><td>Juho Handolin<\/td><\/tr><tr><td>Event Responsible<\/td><td>Kasper Valtonen<\/td><\/tr><tr><td>Fuksi Captain<\/td><td>V\u00e4in\u00f6 Korolainen<\/td><\/tr><tr><td>Kolmio Party Responsible<\/td><td>Sanna Rantakokko<\/td><\/tr><tr><td>International Affairs Responsible<\/td><td>Emilia Jens\u00e9n<\/td><\/tr><tr><td>Academic Affairs Responsible<\/td><td>Eero Yli-Rahnasto<\/td><\/tr><tr><td><\/td><td><\/td><\/tr><tr><td>35. vuosijuhlatoimari<\/td><td>Tea Mattila<\/td><\/tr><tr><td>36. vuosijuhlatoimari<\/td><td>Emma Nyk\u00e4nen<\/td><\/tr><tr><td>Alumni Officer<\/td><td>Jonna Auvinen<\/td><\/tr><tr><td>Data Officer<\/td><td>Timo J\u00e4rventausta<\/td><\/tr><tr><td>Fuksitoimari Kev\u00e4t<\/td><td>Aku-Matti P\u00f6lkki<\/td><\/tr><tr><td>Fuksitoimari Kev\u00e4t<\/td><td>Tellu Korhonen<\/td><\/tr><tr><td>Fuksitoimari Syksy<\/td><td>Elias R\u00e4in\u00e4<\/td><\/tr><tr><td>Well-being Officer<\/td><td>Viivi Hellman<\/td><\/tr><tr><td>International affairs\n  assistant<\/td><td>Munim Raza<\/td><\/tr><tr><td>Kolmio Officer<\/td><td>Iida Smolander<\/td><\/tr><tr><td>KV\u00ad-toimari<\/td><td>Heini Kinanen<\/td><\/tr><tr><td>Media Officer<\/td><td>Elviira Saarelma<\/td><\/tr><tr><td>Editor-in-Chief<\/td><td>Anni Sipil\u00e4<\/td><\/tr><tr><td>Long Excursion Officer<\/td><td>Henna Kynt\u00e4j\u00e4<\/td><\/tr><tr><td>Salkuton ministeri<\/td><td>Leevi T\u00f6rnblom<\/td><\/tr><tr><td>Financial Officer<\/td><td>Jussi T\u00f6yryl\u00e4<\/td><\/tr><tr><td>Event Officer<\/td><td>Saara Pirinen<\/td><\/tr><tr><td>Teekkari Officer<\/td><td>Akseli Kivel\u00e4<\/td><\/tr><tr><td>Property Officer<\/td><td>Henri Savolainen<\/td><\/tr><tr><td>Corporate Relations Officer<\/td><td>Juho Puoliv\u00e4li<\/td><\/tr><tr><td><\/td><td><\/td><\/tr><tr><td><strong>2020<\/strong><\/td><td><\/td><\/tr><tr><td>Chair of the Board<span style=\"mso-spacerun:yes\"> <\/span><\/td><td>Leevi T\u00f6rnblom<\/td><\/tr><tr><td>Secretary<span style=\"mso-spacerun:yes\"> <\/span><\/td><td>Valtteri Kirsil\u00e4<\/td><\/tr><tr><td>Treasurer<span style=\"mso-spacerun:yes\"> <\/span><\/td><td>Henri Savolainen<\/td><\/tr><tr><td>Corporate Relations Responsible<span style=\"mso-spacerun:yes\"> <\/span><\/td><td>Juho Martikainen<\/td><\/tr><tr><td>Teekkari Responsible<span style=\"mso-spacerun:yes\"> <\/span><\/td><td>Anni Siintoharju<\/td><\/tr><tr><td>Event Responsible<span style=\"mso-spacerun:yes\"> <\/span><\/td><td>Emma Lindfors<\/td><\/tr><tr><td>Fuksi Captain<span style=\"mso-spacerun:yes\"> <\/span><\/td><td>Antti Myllynen<\/td><\/tr><tr><td>Kolmio Party Responsible<span style=\"mso-spacerun:yes\"> <\/span><\/td><td>Elviira Saarelma<\/td><\/tr><tr><td>International Affairs Responsible<span style=\"mso-spacerun:yes\"> <\/span><\/td><td>Kaisa Tanninen<\/td><\/tr><tr><td>Academic Affairs Responsible<span style=\"mso-spacerun:yes\"> <\/span><\/td><td>Jonna Auvinen<\/td><\/tr><tr><td><\/td><td><\/td><\/tr><tr><td>35. vuosijuhlatoimari<\/td><td>Tea Mattila<\/td><\/tr><tr><td>Alumni Officer<\/td><td>Perttu Laiho<\/td><\/tr><tr><td>Data Officer<\/td><td>Timo J\u00e4rventausta<\/td><\/tr><tr><td>Freshmen Officer (Spring)<\/td><td>Tea Mattila<\/td><\/tr><tr><td>Freshmen Officer (Spring)<\/td><td>Tuuli H\u00e4m\u00e4l\u00e4inen<\/td><\/tr><tr><td>Freshmen Officer (Autumn)<\/td><td>V\u00e4in\u00f6 Korolainen<\/td><\/tr><tr><td>Freshmen Officer (Autumn)<\/td><td>Elias R\u00e4in\u00e4<\/td><\/tr><tr><td>Well-being Officer<\/td><td>Katriina M\u00e4kipere<\/td><\/tr><tr><td>Hyv\u00e4 haltiakummi \/ Paha\n  altiakummi<\/td><td>Elli-Noora M\u00e4kitalo<\/td><\/tr><tr><td>International affairs\n  assistant<\/td><td>Emmi Alminoja<\/td><\/tr><tr><td>Kolmio Officer<\/td><td>Sanna Rantakokko<\/td><\/tr><tr><td>KV\u00ad-toimari<\/td><td>Tommi Linnavirta<\/td><\/tr><tr><td>Media Officer<\/td><td>Tuuli H\u00e4m\u00e4l\u00e4inen<\/td><\/tr><tr><td>Long Excursion Officer<\/td><td>Anniina Morelius<\/td><\/tr><tr><td>Financial Officer<\/td><td>Helena Pukkala<\/td><\/tr><tr><td>Event Officer<\/td><td>Ville Heinonen<\/td><\/tr><tr><td>Teekkari Officer<\/td><td>Riku Tuukkala<\/td><\/tr><tr><td>Tutap\u00e4iv\u00e4toimari (kev\u00e4t)<\/td><td>Juho Kuiko<\/td><\/tr><tr><td>Vuosijuhlatoimari (kev\u00e4t)<\/td><td>Annika Hiipakka<\/td><\/tr><tr><td>Webmaster<\/td><td>Markus Uusitalo<\/td><\/tr><tr><td>Corporate Relations Officer<\/td><td>Mikko Partanen<\/td><\/tr><tr><td><\/td><td><\/td><\/tr><tr><td><strong>2019<\/strong><\/td><td><\/td><\/tr><tr><td>Chair of the Board<\/td><td>Elli-Noora M\u00e4kitalo<\/td><\/tr><tr><td>Varapuheenjohtaja<\/td><td>Anniina Morelius<\/td><\/tr><tr><td>Corporate Relations Responsible<\/td><td>Jonna Auvinen<\/td><\/tr><tr><td>Treasurer<\/td><td>Perttu Laiho<\/td><\/tr><tr><td>Secretary<\/td><td>Leevi T\u00f6rnblom<\/td><\/tr><tr><td>Event Responsible<\/td><td>Anniina Morelius<\/td><\/tr><tr><td>Teekkari Responsible<\/td><td>Antti Myllynen<\/td><\/tr><tr><td>Fuksi Captain<\/td><td>Matleena Tyni<\/td><\/tr><tr><td>International Affairs Responsible<\/td><td>Festina Jusufi<\/td><\/tr><tr><td>Kolmio Party Responsible<\/td><td>Elsa Nieppola<\/td><\/tr><tr><td>Academic Affairs Responsible<\/td><td>Jaakko Karppinen<\/td><\/tr><tr><td><\/td><td><\/td><\/tr><tr><td>Media Officer<\/td><td>Emmi Kek\u00e4le<\/td><\/tr><tr><td>Data Officer<\/td><td>Patrik Torn<\/td><\/tr><tr><td>Alumni Officer<\/td><td>Lassi M\u00e4kinen<\/td><\/tr><tr><td>Kolmio Officer<\/td><td>Ilmari Huttunen<\/td><\/tr><tr><td>Internationality Officer<\/td><td>Anton Pikkupeura<\/td><\/tr><tr><td>International\n  officer<\/td><td>Tomash Groen<\/td><\/tr><tr><td>Financial Officer<\/td><td>Henri Savolainen<\/td><\/tr><tr><td>Event Officer<\/td><td>Kaisa Tanninen<\/td><\/tr><tr><td>Corporate Relations Officer<\/td><td>Juho Martikainen<\/td><\/tr><tr><td>Teekkari Officer<\/td><td>Jesse Varis<\/td><\/tr><tr><td>Vuosijuhlatoimari<\/td><td>Linda Miettinen (kev\u00e4t) \/ Annika\n  Hiipakka (syksy)<\/td><\/tr><tr><td>Freshmen Officer<\/td><td>Tea Mattila (syksy)<\/td><\/tr><tr><td>Freshmen Officer<\/td><td>Tuuli H\u00e4m\u00e4l\u00e4inen (syksy)<\/td><\/tr><tr><td>Freshmen Officer<\/td><td>Juuli Huuhanm\u00e4ki (kev\u00e4t)<\/td><\/tr><tr><td>CM-projektitoimari<\/td><td>Jenni Kaipainen (kev\u00e4t)<\/td><\/tr><tr><td>Tuta days Officer<\/td><td>Juho Kuiko (syksy)<\/td><\/tr><tr><td><\/td><td><\/td><\/tr><tr><td><strong>2018<\/strong><\/td><td><\/td><\/tr><tr><td>Chair of the Board<\/td><td>Roope Levanto<\/td><\/tr><tr><td>Varapuheenjohtaja<\/td><td>Aleksi Lehmus<\/td><\/tr><tr><td>Corporate Relations Responsible<\/td><td>Miika Haggr\u00e9n<\/td><\/tr><tr><td>Treasurer<\/td><td>Aleksi Lehmus<\/td><\/tr><tr><td>Secretary<\/td><td>Juho Kuiko<\/td><\/tr><tr><td>Event Responsible<\/td><td>Elisa Pentinsaari<\/td><\/tr><tr><td>Teekkari Responsible<\/td><td>Samuel Rintam\u00e4ki<\/td><\/tr><tr><td>Fuksikapteeni\n  jr.<\/td><td>Elli-Noora M\u00e4kitalo<\/td><\/tr><tr><td>International Affairs Responsible<\/td><td>Mikko Sairanen<\/td><\/tr><tr><td>Kolmio Party Responsible<\/td><td>Siiri Tuominen<\/td><\/tr><tr><td><\/td><td><\/td><\/tr><tr><td>Editor-in-Chief<\/td><td>Jenni Kaipainen<\/td><\/tr><tr><td>Data Officer<\/td><td>Jermu Petro<\/td><\/tr><tr><td>Alumni Officer<\/td><td>(kev\u00e4t) Jussi Blomgren \/ (syksy)\n  Risto Kurppa<\/td><\/tr><tr><td>Opintotoimari<\/td><td>Juho-Matti V\u00e4is\u00e4nen<\/td><\/tr><tr><td>Kolmio Officer<\/td><td>Elsa Nieppola<\/td><\/tr><tr><td>Internationality Officer<\/td><td>Olli Syrj\u00e4l\u00e4<\/td><\/tr><tr><td>International\n  officer<\/td><td>Martina Don Welathanthri<\/td><\/tr><tr><td>Financial Officer<\/td><td>Olli Karipohja<\/td><\/tr><tr><td>Event Officer<\/td><td>Anniina Morelius<\/td><\/tr><tr><td>Corporate Relations Officer<\/td><td>Jonna Auvinen<\/td><\/tr><tr><td>Teekkari Officer<\/td><td>Miika Valkonen<\/td><\/tr><tr><td>Vuosijuhlatoimari<\/td><td>(kev\u00e4t) Aleksi Salmensuu \/\n  (syksy) Linda Miettinen<\/td><\/tr><tr><td>Freshmen Officer<\/td><td>(syksy) Matleena Tyni<\/td><\/tr><tr><td>Freshmen Officer<\/td><td>(syksy) Juuli Huuhanm\u00e4ki<\/td><\/tr><tr><td>CM-projektitoimari<\/td><td>Lotta H\u00e4m\u00e4l\u00e4inen \/ Jenni\n  Kaipainen<\/td><\/tr><tr><td>Tutankhamon<\/td><td>Elina Ala-M\u00e4yry<\/td><\/tr><tr><td><\/td><td><\/td><\/tr><tr><td><strong>2017<\/strong><\/td><td><\/td><\/tr><tr><td>Chair of the Board<\/td><td>Elina Ala-M\u00e4yry<\/td><\/tr><tr><td>Varapuheenjohtaja<\/td><td>Anu Kaukiainen<\/td><\/tr><tr><td>Corporate Relations Responsible<\/td><td>Riku Poutanen<\/td><\/tr><tr><td>Treasurer<\/td><td>Tuomas K\u00e4tk\u00e4naho<\/td><\/tr><tr><td>Secretary<\/td><td>Ilari Leinonen<\/td><\/tr><tr><td>Event Responsible<\/td><td>Lotta H\u00e4m\u00e4l\u00e4inen<\/td><\/tr><tr><td>Teekkari Responsible<\/td><td>Perttu Leskinen<\/td><\/tr><tr><td>Fuksikapteeni\n  jr.<\/td><td>Roope Levanto<\/td><\/tr><tr><td>International Affairs Responsible<\/td><td>Jenni Kaipainen<\/td><\/tr><tr><td>Kolmio Party Responsible<\/td><td>Anu Kaukiainen<\/td><\/tr><tr><td><\/td><td><\/td><\/tr><tr><td>Editor-in-Chief<\/td><td>Maria Kudinova<\/td><\/tr><tr><td>Fuksikapteeni\n  sr.<\/td><td>Elina Ala-M\u00e4yry<\/td><\/tr><tr><td>Data Officer<\/td><td>Juho-Pekka Mattila<\/td><\/tr><tr><td>Alumni-\n  ja opintotoimari<\/td><td>Tuomas Hirvonen<\/td><\/tr><tr><td>Kolmio Officer<\/td><td>Siiri Tuominen<\/td><\/tr><tr><td>Internationality Officer<\/td><td>Mikko Sairanen<\/td><\/tr><tr><td>International\n  Assistant<\/td><td>J\u00f3zefina Karinen<\/td><\/tr><tr><td>Financial Officer<\/td><td>Aleksi Lehmus<\/td><\/tr><tr><td>Sporttitoimari<\/td><td>Ilari Arponen<\/td><\/tr><tr><td>Vuosijuhlatoimari<\/td><td>Marianne Auvinen<\/td><\/tr><tr><td>Event Officer<\/td><td>Elli-Noora M\u00e4kitalo<\/td><\/tr><tr><td>Corporate Relations Officer<\/td><td>Miika Haggr\u00e9n<\/td><\/tr><tr><td>Corporate Relations Officer<\/td><td>Elisa Pentinsaari<\/td><\/tr><tr><td>Teekkari Officer<\/td><td>Lassi M\u00e4kinen<\/td><\/tr><tr><td>Hyv\u00e4n\n  tahdon l\u00e4hettil\u00e4s<\/td><td>Juha-Matti V\u00e4is\u00e4nen<\/td><\/tr><tr><td><\/td><td><\/td><\/tr><tr><td><strong>2016<\/strong><\/td><td><\/td><\/tr><tr><td>Chair of the Board<\/td><td>Juha-Matti V\u00e4is\u00e4nen<\/td><\/tr><tr><td>Varapuheenjohtaja<\/td><td>Tommi Parviainen<\/td><\/tr><tr><td>Corporate Relations Responsible<\/td><td>Johanna Tavia<\/td><\/tr><tr><td>Treasurer<\/td><td>Tommi Parviainen<\/td><\/tr><tr><td>Secretary<\/td><td>Lotta H\u00e4m\u00e4l\u00e4inen<\/td><\/tr><tr><td>Event Responsible<\/td><td>Maija Kruus<\/td><\/tr><tr><td>Teekkari Responsible<\/td><td>Juho Lampim\u00e4ki<\/td><\/tr><tr><td>Fuksikapteeni\n  jr.<\/td><td>Elina Ala-M\u00e4yry<\/td><\/tr><tr><td>International Affairs Responsible<\/td><td>Maria Kudinova<\/td><\/tr><tr><td>Kolmio Party Responsible<\/td><td>Lassi M\u00e4kinen<\/td><\/tr><tr><td><\/td><td><\/td><\/tr><tr><td>Editor-in-Chief<\/td><td>Pauli Lakkisto<\/td><\/tr><tr><td>Fuksikapteeni\n  sr.<\/td><td>Tuomas Suomi<\/td><\/tr><tr><td>Data Officer<\/td><td>Tuomas Ilvonen<\/td><\/tr><tr><td>ATK-Jeesus<\/td><td>Matti M\u00e4kinen<\/td><\/tr><tr><td>Alumni-\n  ja opintotoimari<\/td><td>Fanni Laurila<\/td><\/tr><tr><td>Kolmio Officer<\/td><td>Anu Kaukiainen<\/td><\/tr><tr><td>Internationality Officer<\/td><td>Julius S\u00e4rkk\u00e4l\u00e4<\/td><\/tr><tr><td>Internationality Officer<\/td><td>Jenni Kaipainen<\/td><\/tr><tr><td>International\n  Assistant<\/td><td>Lishan wu<\/td><\/tr><tr><td>Financial Officer<\/td><td>Tuomas K\u00e4tk\u00e4naho<\/td><\/tr><tr><td>Toimittaja<\/td><td>Joonas Kujala<\/td><\/tr><tr><td>Sporttitoimari<\/td><td>Antti Kiviniemi<\/td><\/tr><tr><td>Vuosijuhlatireht\u00f6\u00f6rit\u00e4r<\/td><td>Minttu-Nelli Ulmanen<\/td><\/tr><tr><td>Event Officer<\/td><td>Roope Levanto<\/td><\/tr><tr><td>Corporate Relations Officer<\/td><td>Miika M\u00e4lk\u00f6nen<\/td><\/tr><tr><td>Corporate Relations Officer<\/td><td>Riku Poutanen<\/td><\/tr><tr><td>Teekkari Officer<\/td><td>Juho-Pekka Mattila<\/td><\/tr><tr><td>Salainen\n  Agentti 0016<\/td><td>Juuso Koivula<\/td><\/tr><tr><td>Projektitoimari<\/td><td>Tuukka Oksala<\/td><\/tr><tr><td>Hankintap\u00e4\u00e4likk\u00f6<\/td><td>Karim Hafez<\/td><\/tr><tr><td><\/td><td><\/td><\/tr><tr><td><\/td><td><\/td><\/tr><tr><td><strong>2015<\/strong><\/td><td><\/td><\/tr><tr><td>Chair of the Board<\/td><td>Juuso Koivula<\/td><\/tr><tr><td>Varapuheenjohtaja<\/td><td>Olli Virtanen<\/td><\/tr><tr><td>Corporate Relations Responsible<\/td><td>Olli Virtanen<\/td><\/tr><tr><td>Treasurer<\/td><td>Juha-Matti V\u00e4is\u00e4nen<\/td><\/tr><tr><td>Secretary<\/td><td>Tuukka Oksala<\/td><\/tr><tr><td>Event Responsible<\/td><td>Elina Ala-M\u00e4yry<\/td><\/tr><tr><td>Teekkari Responsible<\/td><td>Valtteri Jokila<\/td><\/tr><tr><td>Fuksikapteeni\n  jr.<\/td><td>Tuomas Suomi<\/td><\/tr><tr><td>International Affairs Responsible<\/td><td>Valtteri Ojansuu<\/td><\/tr><tr><td>Kolmio Party Responsible<\/td><td>Karim Hafez<\/td><\/tr><tr><td><\/td><td><\/td><\/tr><tr><td>Editor-in-Chief<\/td><td>Ellinoora Korpela<\/td><\/tr><tr><td>Fuksikapteeni\n  sr.<\/td><td>Juuso Koivula<\/td><\/tr><tr><td>Data Officer<\/td><td>Tuomas Ilvonen<\/td><\/tr><tr><td>Opintoneuvos<\/td><td>Fanni Laurila<\/td><\/tr><tr><td>Kolmio Officer<\/td><td>Lassi M\u00e4kinen<\/td><\/tr><tr><td>Internationality Officer<\/td><td>Niusha Safarpour<\/td><\/tr><tr><td>Internationality Officer<\/td><td>Jenni Kaipainen<\/td><\/tr><tr><td>Financial Officer<\/td><td>Tommi Parviainen<\/td><\/tr><tr><td>Infacton\n  toimittaja<\/td><td>Karoliina Salminen<\/td><\/tr><tr><td>Sporttitoimari<\/td><td>Santtu Loimusalo<\/td><\/tr><tr><td>Alumni Officer<\/td><td>Mikko Rahikainen<\/td><\/tr><tr><td>Vuosijuhlatoimari<\/td><td>Minttu-Nelli Ulmanen<\/td><\/tr><tr><td>Event Officer<\/td><td>Maija Kruus<\/td><\/tr><tr><td>Corporate Relations Officer<\/td><td>Johanna Tavia<\/td><\/tr><tr><td>Corporate Relations Officer<\/td><td>Julius S\u00e4rkk\u00e4l\u00e4<\/td><\/tr><tr><td>Teekkari Officer<\/td><td>Oskari Mikkil\u00e4<\/td><\/tr><tr><td>Is\u00e4\n  Aurinkoinen<\/td><td>Tommi Valkonen<\/td><\/tr><tr><td><\/td><td><\/td><\/tr><tr><td><strong>2014<\/strong><\/td><td><\/td><\/tr><tr><td>Chair of the Board<\/td><td>Tommi Valkonen<\/td><\/tr><tr><td>Varapuheenjohtaja<\/td><td>Tuomas Hirvonen<\/td><\/tr><tr><td>Corporate Relations Responsible<\/td><td>Tuomas Hirvonen<\/td><\/tr><tr><td>Treasurer<\/td><td>Matti M\u00e4kinen<\/td><\/tr><tr><td>Secretary<\/td><td>Tiina Haajanen<\/td><\/tr><tr><td>Event Responsible<\/td><td>Lotta Suni<\/td><\/tr><tr><td>Teekkari Responsible<\/td><td>Erik Haara<\/td><\/tr><tr><td>Fuksikapteeni\n  jr.<\/td><td>Juuso Koivula<\/td><\/tr><tr><td>International Affairs Responsible<\/td><td>Fanni Katinka Laurila<\/td><\/tr><tr><td>Kolmio Party Responsible<\/td><td>Karim Hafez<\/td><\/tr><tr><td><\/td><td><\/td><\/tr><tr><td>Editor-in-Chief<\/td><td>Ellinoora Korpela<\/td><\/tr><tr><td>Fuksikapteeni\n  sr.<\/td><td>Elina Poikonen<\/td><\/tr><tr><td>Data Officer<\/td><td>Arno Lehtonen<\/td><\/tr><tr><td>Kolmio Officer<\/td><td>Lauri Ven\u00e4l\u00e4inen<\/td><\/tr><tr><td>Internationality Officer<\/td><td>Niusha Safarpour<\/td><\/tr><tr><td>Internationality Officer<\/td><td>Lassi Uosukainen<\/td><\/tr><tr><td>Financial Officer<\/td><td>Ida Lev\u00f3n \/ Juha-Matti V\u00e4is\u00e4nen<\/td><\/tr><tr><td>Valokuvaaja\/Toimittaja<\/td><td>Laura Ylt\u00e4v\u00e4<\/td><\/tr><tr><td>Liikuntaneuvos<\/td><td>Ida Myllyharju<\/td><\/tr><tr><td>Alumni Officer<\/td><td>Emmi Tervala<\/td><\/tr><tr><td>Vuosijuhlatoimari<\/td><td>Karoliina Salminen<\/td><\/tr><tr><td>Event Officer<\/td><td>Mikko Virtanen<\/td><\/tr><tr><td>Corporate Relations Officer<\/td><td>Henrikki Sinkkil\u00e4<\/td><\/tr><tr><td>Corporate Relations Officer<\/td><td>Olli Virtanen<\/td><\/tr><tr><td>Mallasmestari<\/td><td>Jesse Nurmela<\/td><\/tr><tr><td>KPSM<\/td><td>Teemu Viljam\u00e4ki<\/td><\/tr><tr><td><\/td><td><\/td><\/tr><tr><td><strong>2013<\/strong><\/td><td><\/td><\/tr><tr><td>Chair of the Board<\/td><td>Teemu Viljam\u00e4ki<\/td><\/tr><tr><td>Varapuheenjohtaja<\/td><td>Karim Hafez<\/td><\/tr><tr><td>Treasurer<\/td><td>Mikael Ahonen<\/td><\/tr><tr><td>Corporate Relations Responsible<\/td><td>Niko Siltanen<\/td><\/tr><tr><td>International Affairs Responsible<\/td><td>Tommi Valkonen<\/td><\/tr><tr><td>Event Responsible<\/td><td>Ida Myllyharju<\/td><\/tr><tr><td>Teekkari Responsible<\/td><td>Ottopekka Leskinen<\/td><\/tr><tr><td>Fuksikapteeni\n  jr.<\/td><td>Elina Poikonen<\/td><\/tr><tr><td>Secretary<\/td><td>Elisa Lukin<\/td><\/tr><tr><td><\/td><td><\/td><\/tr><tr><td>Fuksikapteeni\n  sr.<\/td><td>Jukka Tuomisto<\/td><\/tr><tr><td>Corporate Relations Officer<\/td><td>Martti Luotonen<\/td><\/tr><tr><td>Corporate Relations Officer<\/td><td>Tuure Visap\u00e4\u00e4<\/td><\/tr><tr><td>Event Officer<\/td><td>Ida Lev\u00f3n<\/td><\/tr><tr><td>Kolmio Officer<\/td><td>Terhi Nieminen \/ Lauri\n  Ven\u00e4l\u00e4inen<\/td><\/tr><tr><td>Editor-in-Chief<\/td><td>Jenni Karjalainen<\/td><\/tr><tr><td>Mallasmestari<\/td><td>Olli Sir\u00e9n<\/td><\/tr><tr><td>Sporttitoimari<\/td><td>Jesse Turkka<\/td><\/tr><tr><td>Wanhustoimari<\/td><td>Niko Ahola<\/td><\/tr><tr><td>Projektitoimari<\/td><td>Tuomas Hirvonen<\/td><\/tr><tr><td>Data Officer<\/td><td>Matti M\u00e4kinen<\/td><\/tr><tr><td>Internationality Officer<\/td><td>Fanni Laurila<\/td><\/tr><tr><td>Chewbacca<\/td><td>Jesse Kivil\u00e4<\/td><\/tr><tr><td><\/td><td><\/td><\/tr><tr><td><strong>2012<\/strong><\/td><td><\/td><\/tr><tr><td>Chair of the Board<\/td><td>Jesse Kivil\u00e4<\/td><\/tr><tr><td>Varapuheenjohtaja<\/td><td>Emmi Tervala<\/td><\/tr><tr><td>Treasurer<\/td><td>Johanna Rinne<\/td><\/tr><tr><td>Corporate Relations Responsible<\/td><td>Mikael J\u00e4rvenp\u00e4\u00e4<\/td><\/tr><tr><td>International Affairs Responsible<\/td><td>Anniina Heikkil\u00e4<\/td><\/tr><tr><td>Event Responsible<\/td><td>Jenni Karjalainen<\/td><\/tr><tr><td>Teekkari Responsible<\/td><td>Atte Mellanen<\/td><\/tr><tr><td>Fuksikapteeni\n  jr.<\/td><td>Jukka Tuomisto<\/td><\/tr><tr><td>Secretary<\/td><td>Teemu Viljam\u00e4ki<\/td><\/tr><tr><td><\/td><td><\/td><\/tr><tr><td>Fuksikapteeni\n  sr.<\/td><td>Niklas Luukkanen<\/td><\/tr><tr><td>Corporate Relations Officer<\/td><td>Lauri Jaakkola<\/td><\/tr><tr><td>Corporate Relations Officer<\/td><td>Katja Kaartinen<\/td><\/tr><tr><td>Event Officer<\/td><td>Milla Marttila<\/td><\/tr><tr><td>Kolmio Officer<\/td><td>Emma Rinnevaara<\/td><\/tr><tr><td>Editor-in-Chief<\/td><td>Mikko Rahikainen<\/td><\/tr><tr><td>Mallasmestari<\/td><td>Akseli Hiltunen<\/td><\/tr><tr><td>Sporttitoimari<\/td><td>Ville V\u00e4liaho<\/td><\/tr><tr><td>Wanhustoimari<\/td><td>Aino Vaittinen<\/td><\/tr><tr><td>Projektitoimari<\/td><td>Miika J\u00e4rvinen<\/td><\/tr><tr><td>Data Officer<\/td><td>Jaakko Nurkka<\/td><\/tr><tr><td>Internationality Officer<\/td><td>Arttu Hujanen<\/td><\/tr><tr><td>Killan\n  SuperNalle<\/td><td>Niko Ahola<\/td><\/tr><tr><td><\/td><td><\/td><\/tr><tr><td><\/td><td><\/td><\/tr><tr><td><strong>2011<\/strong><\/td><td><\/td><\/tr><tr><td>Chair of the Board<\/td><td>Niko Ahola<\/td><\/tr><tr><td>Varapuheenjohtaja<\/td><td>Jesse Kivil\u00e4<\/td><\/tr><tr><td>Treasurer<\/td><td>Mikko Rahikainen<\/td><\/tr><tr><td>Corporate Relations Responsible<\/td><td>Lauri Haavikko<\/td><\/tr><tr><td>International Affairs Responsible<\/td><td>Jaakko Nurkka<\/td><\/tr><tr><td>Event Responsible<\/td><td>Katja Kaartinen<\/td><\/tr><tr><td>Teekkari Responsible<\/td><td>Miika J\u00e4rvinen<\/td><\/tr><tr><td>Fuksikapteeni\n  jr.<\/td><td>Niklas Luukkanen<\/td><\/tr><tr><td>Secretary<\/td><td>Emmi Tervala<\/td><\/tr><tr><td><\/td><td><\/td><\/tr><tr><td>Fuksikapteeni\n  sr.<\/td><td>Niko Ahola<\/td><\/tr><tr><td>Corporate Relations Officer<\/td><td>Harri Pakkala<\/td><\/tr><tr><td>Corporate Relations Officer<\/td><td>Pavel Laitinen<\/td><\/tr><tr><td>Event Officer<\/td><td>Laura Airio<\/td><\/tr><tr><td>Kolmio Officer<\/td><td>Henri Planting<\/td><\/tr><tr><td>Editor-in-Chief<\/td><td>Johanna Kari<\/td><\/tr><tr><td>Mallasmestari<\/td><td>Tuure Visap\u00e4\u00e4<\/td><\/tr><tr><td>Sporttitoimari<\/td><td>Atte Mellanen<\/td><\/tr><tr><td>Wanhustoimari<\/td><td>Arttu Hujanen<\/td><\/tr><tr><td>Financial Officer<\/td><td>Ville V\u00e4liaho<\/td><\/tr><tr><td>Lukkari<\/td><td>Harri Pakkala<\/td><\/tr><tr><td>Internationality Officer<\/td><td>Emma Rinnevaara<\/td><\/tr><tr><td>Vuoristoneuvos<\/td><td>Lauri Vuorinen<\/td><\/tr><tr><td><\/td><td><\/td><\/tr><tr><td><\/td><td><\/td><\/tr><tr><td><strong>2010<\/strong><\/td><td><\/td><\/tr><tr><td>Chair of the Board<\/td><td>Lauri Vuorinen<\/td><\/tr><tr><td>Varapuheenjohtaja<\/td><td>Emma Puotunen<\/td><\/tr><tr><td>Talousvastaava<\/td><td>Juho-Matias Roitto<\/td><\/tr><tr><td>Corporate Relations Responsible<\/td><td>Lauri Haavikko<\/td><\/tr><tr><td>International Affairs Responsible<\/td><td>Aaro Kauppinen<\/td><\/tr><tr><td>Event Responsible<\/td><td>Tiina Autio<\/td><\/tr><tr><td>Teekkari Responsible<\/td><td>Henri Planting<\/td><\/tr><tr><td>Fuksikapteeni\n  Jr.<\/td><td>Niko Ahola<\/td><\/tr><tr><td>Viestint\u00e4vastaava<\/td><td>Sannamari Lukkaroinen<\/td><\/tr><tr><td><\/td><td><\/td><\/tr><tr><td>Fuksikapteeni\n  Snr.<\/td><td>Sanna-Mari Peltola<\/td><\/tr><tr><td>Corporate Relations Officer<\/td><td>Harri Pakkala<\/td><\/tr><tr><td>Corporate Relations Officer<\/td><td>Anna Hiidensalo<\/td><\/tr><tr><td>Event Officer<\/td><td>Katja Kaartinen<\/td><\/tr><tr><td>Kolmio-toimari<\/td><td>Elias Vakkuri<\/td><\/tr><tr><td>Editor-in-Chief<\/td><td>Emma Rinnevaara<\/td><\/tr><tr><td>Mallasmestari<\/td><td>Tuure Visap\u00e4\u00e4<\/td><\/tr><tr><td>Sporttitoimari<\/td><td>Markus M\u00e4kel\u00e4<\/td><\/tr><tr><td>Data Officer<\/td><td>Tomi \u00c4ij\u00f6<\/td><\/tr><tr><td>Internationality Officer<\/td><td>Johanna Kari<\/td><\/tr><tr><td>Kummiset\u00e4<\/td><td>Miikka Kunnari<\/td><\/tr><tr><td><\/td><td><\/td><\/tr><tr><td><\/td><td><\/td><\/tr><tr><td><strong>2009<\/strong><\/td><td><\/td><\/tr><tr><td>Chair of the Board<\/td><td>Miikka Kunnari<\/td><\/tr><tr><td>Talousvastaava<\/td><td>Iida-Maria Rantanen<\/td><\/tr><tr><td>Academic Affairs Responsible<\/td><td>Terhi Marttila<\/td><\/tr><tr><td>Event Responsible<\/td><td>Emma Puotunen<\/td><\/tr><tr><td>Tiedotusvastaava,\n  varapuheenjohtaja<\/td><td>Katja Sorjamaa<\/td><\/tr><tr><td>Editor-in-Chief<\/td><td>Harri Pakkala<\/td><\/tr><tr><td>Corporate Relations Responsible<\/td><td>Arttu Hujanen<\/td><\/tr><tr><td>Fuksikapteeni\n  jr.<\/td><td>Sanna-Mari Peltola<\/td><\/tr><tr><td>Kv-vastaava<\/td><td>Juhani Tolvanen<\/td><\/tr><tr><td>Teekkari Responsible<\/td><td>Ville Haapasalo<\/td><\/tr><tr><td>Ulkosuhdevastaava<\/td><td>Liisa Eerola<\/td><\/tr><tr><td><\/td><td><\/td><\/tr><tr><td>Fuksikapteeni\n  sr.<\/td><td>Lauri Pitk\u00e4nen<\/td><\/tr><tr><td>Kv-toimari<\/td><td>Iina Turja<\/td><\/tr><tr><td>Data Officer<\/td><td>Lauri Vuorinen<\/td><\/tr><tr><td>Vapaa-aikatoimari<\/td><td>Petteri Baumgartner<\/td><\/tr><tr><td>Saunamestari<\/td><td>Jaakko Kettunen<\/td><\/tr><tr><td>Event Officer<\/td><td>Aino Vaittinen<\/td><\/tr><tr><td>Corporate Relations Officer<\/td><td>Vesa-Matti Marjam\u00e4ki<\/td><\/tr><tr><td>XQ-mestari<\/td><td>Timo Pyykk\u00f6<\/td><\/tr><tr><td>Muumimamma<\/td><td>Johanna Ketoja<\/td><\/tr><tr><td><\/td><td><\/td><\/tr><tr><td><\/td><td><\/td><\/tr><tr><td><strong>2008<\/strong><\/td><td><\/td><\/tr><tr><td>Chair of the Board<\/td><td>Johanna Ketoja<\/td><\/tr><tr><td>Talousvastaava<\/td><td>Ville Purhonen<\/td><\/tr><tr><td>Corporate Relations Responsible<\/td><td>Miikka Kunnari<\/td><\/tr><tr><td>Fuksikapteeni\n  Jr.<\/td><td>Lauri Pitk\u00e4nen<\/td><\/tr><tr><td>International Affairs Responsible<\/td><td>Ville M\u00e4kinen<\/td><\/tr><tr><td>Opintovastaava,\n  varapuheenjohtaja<\/td><td>Marika Palkkim\u00e4ki<\/td><\/tr><tr><td>Teekkari Responsible<\/td><td>Joonas Olkkonen<\/td><\/tr><tr><td>Editor-in-Chief<\/td><td>Vesa-Matti Marjam\u00e4ki<\/td><\/tr><tr><td>Event Responsible<\/td><td>Miia Puranen<\/td><\/tr><tr><td>Tiedotusvastaava<\/td><td>Leena Lintunen<\/td><\/tr><tr><td>Ulkosuhdevastaava<\/td><td>Janita Seiplax<\/td><\/tr><tr><td><\/td><td><\/td><\/tr><tr><td>Fuksikapteeni\n  sr.<\/td><td>Katja Sorjamaa<\/td><\/tr><tr><td>Corporate Relations Officer<\/td><td>Jesse Valtanen<\/td><\/tr><tr><td>Vapaa-aikatoimari<\/td><td>Arttu Hujanen<\/td><\/tr><tr><td>XQ-mestari<\/td><td>Ville Savola<\/td><\/tr><tr><td>Data Officer<\/td><td>Oskari Helminen<\/td><\/tr><tr><td>Internationality Officer<\/td><td>Juuso Lehti<\/td><\/tr><tr><td>Event Officer<\/td><td>Milla Soppela<\/td><\/tr><tr><td>Saunamestari<\/td><td>Jaakko Kettunen<\/td><\/tr><tr><td>Jack\n  Bauer<\/td><td>Jaakko Marila<\/td><\/tr><tr><td><\/td><td><\/td><\/tr><tr><td><\/td><td><\/td><\/tr><tr><td><strong>2007<\/strong><\/td><td><\/td><\/tr><tr><td>Chair of the Board<\/td><td>Jaakko Marila<\/td><\/tr><tr><td>Tiedotusvastaava<\/td><td>Varpu Heikkil\u00e4<\/td><\/tr><tr><td>Academic Affairs Responsible<\/td><td>Maria Kankkio<\/td><\/tr><tr><td>Talousvastaava,\n  varapuheenjohtaja<\/td><td>Teemu Rintasaari<\/td><\/tr><tr><td>Teekkari Responsible<\/td><td>Jesse Valtanen<\/td><\/tr><tr><td>Corporate Relations Responsible<\/td><td>Mikko Hankam\u00e4ki<\/td><\/tr><tr><td>Event Responsible<\/td><td>Marika Palkkim\u00e4ki<\/td><\/tr><tr><td>Kv-vastaava<\/td><td>Ilkka Peltola<\/td><\/tr><tr><td>Fuksikapteeni\n  Sr.<\/td><td>Johanna Ketoja<\/td><\/tr><tr><td>Foreign affairs Officer<\/td><td>Janita Seiplax<\/td><\/tr><tr><td>Fuksikapteeni\n  Jr.<\/td><td>Katja Sorjamaa<\/td><\/tr><tr><td>Editor-in-Chief<\/td><td>Mari Tuomela<\/td><\/tr><tr><td><\/td><td><\/td><\/tr><tr><td>Is\u00e4nt\u00e4<\/td><td>Joonas Olkkonen<\/td><\/tr><tr><td>Em\u00e4nt\u00e4<\/td><td>Miia Pikki<\/td><\/tr><tr><td>Data Officer<\/td><td>Ville Purhonen<\/td><\/tr><tr><td>Kv-toimari<\/td><td>Jaakko Siren<\/td><\/tr><tr><td>Projektiassistentti<\/td><td>Miia Puranen<\/td><\/tr><tr><td>Corporate Relations Officer<\/td><td>Kaarle M\u00e4kinen<\/td><\/tr><tr><td>Konsultti<\/td><td>Peter Zeitlin<\/td><\/tr><tr><td>XQ-mestari<\/td><td>Miikka Kunnari<\/td><\/tr><tr><td>Jorma<\/td><td>Tuomas Sariola<\/td><\/tr><tr><td><\/td><td><\/td><\/tr><tr><td><\/td><td><\/td><\/tr><tr><td><strong>2006<\/strong><\/td><td><\/td><\/tr><tr><td>Chair of the Board<\/td><td>Tuomas Sariola<\/td><\/tr><tr><td>Talousvastaava,\n  varapuheenjohtaja<\/td><td>Ville Litmo<\/td><\/tr><tr><td>Tiedotusvastaava<\/td><td>Riikka Moilanen<\/td><\/tr><tr><td>Corporate Relations Responsible<\/td><td>Peter Zeitlin<\/td><\/tr><tr><td>Academic Affairs Responsible<\/td><td>Kimmo Torvinen<\/td><\/tr><tr><td>International Affairs Responsible<\/td><td>Maria Haukipuro<\/td><\/tr><tr><td>Editor-in-Chief<\/td><td>Jaakko Marila<\/td><\/tr><tr><td>Event Responsible<\/td><td>Varpu Heikkil\u00e4<\/td><\/tr><tr><td>Teekkari Responsible<\/td><td>Petri Rantakokko<\/td><\/tr><tr><td>Fuksikapteeni\n  Sr.<\/td><td>Virpi Vallin<\/td><\/tr><tr><td>Fuksikapteeni\n  Jr.<\/td><td>Johanna Ketoja<\/td><\/tr><tr><td><\/td><td><\/td><\/tr><tr><td>Foreign affairs Officer<\/td><td>Johannes Peltola<\/td><\/tr><tr><td>Corporate Relations Officer<\/td><td>Kaarle M\u00e4kinen<\/td><\/tr><tr><td>Vapaa-aikatoimari<\/td><td>Kimmo Raunio<\/td><\/tr><tr><td>Supermies<\/td><td>Mikko Hoikkanen<\/td><\/tr><tr><td>Data Officer<\/td><td>Juuso Lehti<\/td><\/tr><tr><td>ESTIEM Officer<\/td><td>Ilkka Peltola<\/td><\/tr><tr><td>Renki<\/td><td>Mikko Hankam\u00e4ki<\/td><\/tr><tr><td>Piika<\/td><td>Marika Palkkim\u00e4ki<\/td><\/tr><tr><td>Wanhus<\/td><td>Juhana Vaurio<\/td><\/tr><tr><td><\/td><td><\/td><\/tr><tr><td><\/td><td><\/td><\/tr><tr><td><strong>2005<\/strong><\/td><td><\/td><\/tr><tr><td>Chair of the Board<\/td><td>Juhana Vaurio<\/td><\/tr><tr><td>Yritysvastaava,\n  varapuheenjohtaja<\/td><td>Jarkko J\u00e4rvenp\u00e4\u00e4<\/td><\/tr><tr><td>Tiedotusvastaava<\/td><td>Anna Engblom<\/td><\/tr><tr><td>Talousvastaava<\/td><td>Thomas Mathews, Anssi Nevalainen<\/td><\/tr><tr><td>Academic Affairs Responsible<\/td><td>Tuomas Sariola<\/td><\/tr><tr><td>International Affairs Responsible<\/td><td>Kimmo Torvinen<\/td><\/tr><tr><td>Editor-in-Chief<\/td><td>Anni Rouvinen<\/td><\/tr><tr><td>Em\u00e4nt\u00e4<\/td><td>Tiia Uusim\u00e4ki<\/td><\/tr><tr><td>Is\u00e4nt\u00e4<\/td><td>Jussi Lehtonen<\/td><\/tr><tr><td>Fuksikapteeni\n  Sr.<\/td><td>Mari Tuomela<\/td><\/tr><tr><td>Fuksikapteeni\n  Jr.<\/td><td>Virpi Vallin<\/td><\/tr><tr><td><\/td><td><\/td><\/tr><tr><td>Foreign affairs Officer<\/td><td>Jaakko Marila<\/td><\/tr><tr><td>Corporate Relations Officer<\/td><td>Peter Zeitlin<\/td><\/tr><tr><td>Vapaa-aikatoimarit<\/td><td>Riikka Moilanen ja Petri\n  Rantakokko<\/td><\/tr><tr><td>Data Officer<\/td><td>Ville Litmo<\/td><\/tr><tr><td>ESTIEM Officer<\/td><td>Maria Haukipuro<\/td><\/tr><tr><td>IT-arkkitehti<\/td><td>Markus Mertanen<\/td><\/tr><tr><td>Financial Officer<\/td><td>Tuomas M\u00e4\u00e4tt\u00e4<\/td><\/tr><tr><td>Wanhus<\/td><td>Mikko Kuitunen<\/td><\/tr><tr><td><\/td><td><\/td><\/tr><tr><td><\/td><td><\/td><\/tr><tr><td><strong>2004<\/strong><\/td><td><\/td><\/tr><tr><td>Chair of the Board<\/td><td>Mikko Kuitunen<\/td><\/tr><tr><td>Talousvastaava,\n  varapuheenjohtaja<\/td><td>Markus Mertanen<\/td><\/tr><tr><td>Tiedotusvastaava<\/td><td>Venla Heikkil\u00e4<\/td><\/tr><tr><td>Corporate Relations Responsible<\/td><td>Juhana Vaurio<\/td><\/tr><tr><td>Academic Affairs Responsible<\/td><td>Maija J\u00e4rvi<\/td><\/tr><tr><td>International Affairs Responsible<\/td><td>Jaakko Kaskinen<\/td><\/tr><tr><td>Editor-in-Chief<\/td><td>Emilia Mattila<\/td><\/tr><tr><td>Em\u00e4nt\u00e4<\/td><td>Karoliina Leinonen<\/td><\/tr><tr><td>Is\u00e4nt\u00e4<\/td><td>Tommi Kinossalo<\/td><\/tr><tr><td>Fuksikapteeni\n  Sr.<\/td><td>Ari M\u00e4kel\u00e4inen<\/td><\/tr><tr><td>Fuksikapteeni\n  Jr.<\/td><td>Mari Tuomela<\/td><\/tr><tr><td><\/td><td><\/td><\/tr><tr><td>Piikalikka<\/td><td>Anna Engblom<\/td><\/tr><tr><td>Renkilikka<\/td><td>Marika Klinga<\/td><\/tr><tr><td>PJ:n\n  puudeli<\/td><td>Tuukka Paavola<\/td><\/tr><tr><td>Yritystoimihenkil\u00f6<\/td><td>Jarkko J\u00e4rvenp\u00e4\u00e4<\/td><\/tr><tr><td>Projektip\u00e4\u00e4llikk\u00f6<\/td><td>Perttu Heinil\u00e4<\/td><\/tr><tr><td>Materiaalitoimihenkil\u00f6<\/td><td>Tuomas M\u00e4\u00e4tt\u00e4<\/td><\/tr><tr><td>Sporttitoimihenkil\u00f6<\/td><td>Mikko Kaataja<\/td><\/tr><tr><td>Datatoimihenkil\u00f6<\/td><td>Mikko Hoikkanen<\/td><\/tr><tr><td>ESTIEM-toimihenkil\u00f6<\/td><td>Antti Roiha<\/td><\/tr><tr><td>Wanha\n  pieru<\/td><td>Mikko Myllymaa<\/td><\/tr><tr><td><\/td><td><\/td><\/tr><tr><td><\/td><td><\/td><\/tr><tr><td><strong>2003<\/strong><\/td><td><\/td><\/tr><tr><td>Chair of the Board<\/td><td>Mikko Myllymaa<\/td><\/tr><tr><td>Talousvastaava,\n  varapuheenjohtaja<\/td><td>Juha Ahtiainen<\/td><\/tr><tr><td>Tiedotusvastaava<\/td><td>Virve Jakkula<\/td><\/tr><tr><td>Corporate Relations Responsible<\/td><td>Teemu Rautiainen<\/td><\/tr><tr><td>Academic Affairs Responsible<\/td><td>Anssi Nevalainen<\/td><\/tr><tr><td>ESTIEM-vastaava<\/td><td>Thomas Mathews<\/td><\/tr><tr><td>Em\u00e4nt\u00e4<\/td><td>Maija J\u00e4rvi<\/td><\/tr><tr><td>Is\u00e4nt\u00e4<\/td><td>Tuomas M\u00e4\u00e4tt\u00e4<\/td><\/tr><tr><td>Fuksikapteeni\n  Sr.<\/td><td>Olli Alestalo<\/td><\/tr><tr><td>Fuksikapteeni\n  Jr.<\/td><td>Ari M\u00e4kel\u00e4inen<\/td><\/tr><tr><td><\/td><td><\/td><\/tr><tr><td>Alumni-toimari<\/td><td>Anssi Rusi<\/td><\/tr><tr><td>Corporate Relations Officer<\/td><td>Juhana Vaurio<\/td><\/tr><tr><td>Urheilutoimari<\/td><td>Sanna Melonen<\/td><\/tr><tr><td>Wanha\n  guru<\/td><td>Ilkka Ruotsila<\/td><\/tr><tr><td>ATK-toimari<\/td><td>Lauri Viitanen<\/td><\/tr><tr><td>ESTIEM Officer<\/td><td>Anne Kuosmanen<\/td><\/tr><tr><td>Renki<\/td><td>Markus Mertanen<\/td><\/tr><tr><td>Piika<\/td><td>Venla Heikel\u00e4<\/td><\/tr><tr><td>Infacto-toimari<\/td><td>Satu Saari<\/td><\/tr><tr><td><\/td><td><\/td><\/tr><tr><td><\/td><td><\/td><\/tr><tr><td><strong>2002<\/strong><\/td><td><\/td><\/tr><tr><td>Puheenjohtaja:<\/td><td>Ilkka Ruotsila<\/td><\/tr><tr><td>Hallitus:<\/td><td>Marjo Haataja<\/td><\/tr><tr><td><\/td><td>Tuulia \u00c5hlman<\/td><\/tr><tr><td><\/td><td>Juha Ahtiainen<\/td><\/tr><tr><td><\/td><td>Mikko Myllymaa<\/td><\/tr><tr><td><\/td><td>Outi J\u00e4rvinen<\/td><\/tr><tr><td><\/td><td>Mirva Peltoniemi<\/td><\/tr><tr><td><\/td><td>Olli Alestalo<\/td><\/tr><tr><td><\/td><td>Jari Paasikivi<\/td><\/tr><tr><td><\/td><td>Mikko Ritakallio<\/td><\/tr><tr><td>Toimihenkil\u00f6t:<\/td><td>Marja Merta<\/td><\/tr><tr><td><\/td><td>Tuukka Paavola<\/td><\/tr><tr><td><\/td><td>Laura Viinikainen<\/td><\/tr><tr><td><\/td><td>Jaakko Tarvainen<\/td><\/tr><tr><td><\/td><td>Matti Silvennoinen<\/td><\/tr><tr><td><\/td><td>Tommi Uitti<\/td><\/tr><tr><td><\/td><td>Teemu Rautiainen<\/td><\/tr><tr><td><\/td><td>Mikko Kuitunen<\/td><\/tr><tr><td><\/td><td>Miika Pietil\u00e4<\/td><\/tr><tr><td><\/td><td>Mikko Koho<\/td><\/tr><tr><td><\/td><td>Anssi Rusi<\/td><\/tr><tr><td><\/td><td>Jukka Saarikorpi<\/td><\/tr><tr><td><\/td><td><\/td><\/tr><tr><td><\/td><td><\/td><\/tr><tr><td><strong>2001<\/strong><\/td><td><\/td><\/tr><tr><td>Puheenjohtaja:<\/td><td>Mikko Koho<\/td><\/tr><tr><td>Hallitus:<\/td><td>Jukka Makkonen<\/td><\/tr><tr><td><\/td><td>Ville Is\u00e4nn\u00e4inen<\/td><\/tr><tr><td><\/td><td>Vesa-Pekka Gr\u00f6nfors<\/td><\/tr><tr><td><\/td><td>Vesa Lieho<\/td><\/tr><tr><td><\/td><td>Maija Pylkk\u00e4nen<\/td><\/tr><tr><td><\/td><td>Elisa Nuutinen<\/td><\/tr><tr><td><\/td><td>Marjo Haataja<\/td><\/tr><tr><td><\/td><td>Hannele Ruuska<\/td><\/tr><tr><td><\/td><td>Stiina S\u00e4ily<\/td><\/tr><tr><td>Toimihenkil\u00f6t:<\/td><td>Marianne Sepp\u00e4l\u00e4<\/td><\/tr><tr><td><\/td><td>Timo Huhtala<\/td><\/tr><tr><td><\/td><td>Anssi Rusi<\/td><\/tr><tr><td><\/td><td>Outi J\u00e4rvinen<\/td><\/tr><tr><td><\/td><td>Mika Valtola<\/td><\/tr><tr><td><\/td><td>Ilona Hirvensalo<\/td><\/tr><tr><td><\/td><td><\/td><\/tr><tr><td><\/td><td><\/td><\/tr><tr><td><strong>2000<\/strong><\/td><td><\/td><\/tr><tr><td>Puheenjohtaja:<\/td><td>Timo Ketola<\/td><\/tr><tr><td>Hallitus:<\/td><td>Juha Nieminen<\/td><\/tr><tr><td><\/td><td>Mikko Koho<\/td><\/tr><tr><td><\/td><td>Vesa-Pekka Gr\u00f6nfors<\/td><\/tr><tr><td><\/td><td>Stiina S\u00e4ily<\/td><\/tr><tr><td><\/td><td>Minna Malinen<\/td><\/tr><tr><td><\/td><td>Jukka Saarikorpi<\/td><\/tr><tr><td><\/td><td>Mirka Nevala<\/td><\/tr><tr><td><\/td><td>Ossi Paija<\/td><\/tr><tr><td><\/td><td>Tommi Holmgren<\/td><\/tr><tr><td><\/td><td>Jussi Kujansuu<\/td><\/tr><tr><td>Toimihenkil\u00f6t:<\/td><td>Elisa Nuutinen<\/td><\/tr><tr><td><\/td><td>Mari Hirvonen<\/td><\/tr><tr><td><\/td><td>Kalle Viitanen<\/td><\/tr><tr><td><\/td><td>Teemu Suominen<\/td><\/tr><tr><td><\/td><td><\/td><\/tr><tr><td><strong>1999<\/strong><\/td><td><\/td><\/tr><tr><td>Puheenjohtaja:<\/td><td>Teemu Suominen<\/td><\/tr><tr><td>Hallitus:<\/td><td>Mikko-Pekka Happonen<\/td><\/tr><tr><td><\/td><td>Ulla Nieminen<\/td><\/tr><tr><td><\/td><td>Anssi Rusi<\/td><\/tr><tr><td><\/td><td>Jouni Kari<\/td><\/tr><tr><td><\/td><td>Mikko Pirinen<\/td><\/tr><tr><td><\/td><td>Ossi Paija<\/td><\/tr><tr><td><\/td><td>Anne Saario<\/td><\/tr><tr><td><\/td><td>Timo Ketola<\/td><\/tr><tr><td><\/td><td>Saija Heikkinen<\/td><\/tr><tr><td><\/td><td>Janne Maksimainen<\/td><\/tr><tr><td>Toimihenkil\u00f6t:<\/td><td>Jukka Saarikorpi<\/td><\/tr><tr><td><\/td><td>Mari Hirvonen<\/td><\/tr><tr><td><\/td><td>Samuli Karhu<\/td><\/tr><tr><td><\/td><td>Antti H\u00e4rm\u00e4<\/td><\/tr><tr><td><\/td><td><\/td><\/tr><tr><td><strong>1998<\/strong><\/td><td><\/td><\/tr><tr><td>Puheenjohtaja:<\/td><td>Matti Rauhala<\/td><\/tr><tr><td>Hallitus:<\/td><td>Panu Pitk\u00e4nen<\/td><\/tr><tr><td><\/td><td>Santtu Kirvel\u00e4<\/td><\/tr><tr><td><\/td><td>Jouni Kari<\/td><\/tr><tr><td><\/td><td>Tiia Tallinen<\/td><\/tr><tr><td><\/td><td>Janne Maksimainen<\/td><\/tr><tr><td><\/td><td>Heidi H\u00e4yry<\/td><\/tr><tr><td><\/td><td>Teemu Suominen<\/td><\/tr><tr><td><\/td><td>Erkki Nyberg<\/td><\/tr><tr><td>Toimihenkil\u00f6t:<\/td><td>Sauli Sarkoja<\/td><\/tr><tr><td><\/td><td>Jari Hirvonen<\/td><\/tr><tr><td><\/td><td>Mikko Pirinen<\/td><\/tr><tr><td><\/td><td><\/td><\/tr><tr><td><strong>1997<\/strong><\/td><td><\/td><\/tr><tr><td>Puheenjohtaja:<\/td><td>Sami-Pekka Salminen<\/td><\/tr><tr><td>Hallitus:<\/td><td>Eeva-Liisa Heinonen<\/td><\/tr><tr><td><\/td><td>Erkki Nyberg<\/td><\/tr><tr><td><\/td><td>Petri Suomala<\/td><\/tr><tr><td><\/td><td>Vesa Jaakkola<\/td><\/tr><tr><td><\/td><td>Marko Sepp\u00e4nen<\/td><\/tr><tr><td><\/td><td>Matti Rauhala<\/td><\/tr><tr><td><\/td><td>Jarno Kanninen<\/td><\/tr><tr><td><\/td><td>Jari Lehtinen<\/td><\/tr><tr><td><\/td><td>Kaisa Nurminen<\/td><\/tr><tr><td>Toimihenkil\u00f6t:<\/td><td>Sauli Sarkoja<\/td><\/tr><tr><td><\/td><td><\/td><\/tr><tr><td><strong>1996<\/strong><\/td><td><\/td><\/tr><tr><td>Puheenjohtaja:<\/td><td>Mikko Nurminen<\/td><\/tr><tr><td>Hallitus:<\/td><td>Anna Vilpo<\/td><\/tr><tr><td><\/td><td>Jonni Rainisto<\/td><\/tr><tr><td><\/td><td>Anu Niemi<\/td><\/tr><tr><td><\/td><td>Sami-Pekka Salminen<\/td><\/tr><tr><td><\/td><td>Mikko Nieminen<\/td><\/tr><tr><td><\/td><td>P\u00e4ivi Kemppainen<\/td><\/tr><tr><td><\/td><td>Niina Venho<\/td><\/tr><tr><td><\/td><td>Sami Salmij\u00e4rvi<\/td><\/tr><tr><td><\/td><td>Jarno Kanninen<\/td><\/tr><tr><td><\/td><td>Maija Vaismaa<\/td><\/tr><tr><td><\/td><td><\/td><\/tr><tr><td><strong>1995<\/strong><\/td><td><\/td><\/tr><tr><td>KEV\u00c4TLUKUKAUSI<\/td><td><\/td><\/tr><tr><td>Puheenjohtaja:<\/td><td>Timo Elomaa<\/td><\/tr><tr><td>Hallitus:<\/td><td>Elina Niinist\u00f6<\/td><\/tr><tr><td><\/td><td>Mikko Nurminen<\/td><\/tr><tr><td><\/td><td>Pia Jaakkola<\/td><\/tr><tr><td><\/td><td>Milja Kunnas<\/td><\/tr><tr><td><\/td><td>Mikko V\u00e4kiparta<\/td><\/tr><tr><td><\/td><td>Kai Kronstr\u00f6m<\/td><\/tr><tr><td><\/td><td>Minna Hepoviita<\/td><\/tr><tr><td><\/td><td>Sami Salmij\u00e4rvi<\/td><\/tr><tr><td>SYYSLUKUKAUSI<\/td><td><\/td><\/tr><tr><td>Puheenjohtaja:<\/td><td>Elina Niinist\u00f6<\/td><\/tr><tr><td>Hallitus:<\/td><td>Mikko Nurminen<\/td><\/tr><tr><td><\/td><td>Eeva-Liisa Heinonen<\/td><\/tr><tr><td><\/td><td>Milja Kunnas<\/td><\/tr><tr><td><\/td><td>Mikko V\u00e4kiparta<\/td><\/tr><tr><td><\/td><td>Minna Hepoviita<\/td><\/tr><tr><td><\/td><td>Sami Salmij\u00e4rvi<\/td><\/tr><tr><td><\/td><td>Niina Venho<\/td><\/tr><tr><td><\/td><td><\/td><\/tr><tr><td><strong>1994<\/strong><\/td><td><\/td><\/tr><tr><td>KEV\u00c4TLUKUKAUSI<\/td><td><\/td><\/tr><tr><td>Puheenjohtaja:<\/td><td>Juha-Pekka Helminen<\/td><\/tr><tr><td>Hallitus:<\/td><td>Katri Hietala<\/td><\/tr><tr><td><\/td><td>Pauli Riihinen<\/td><\/tr><tr><td><\/td><td>Milja Kunnas<\/td><\/tr><tr><td><\/td><td>Kai Kronstr\u00f6m<\/td><\/tr><tr><td><\/td><td>Katariina Pukkila<\/td><\/tr><tr><td><\/td><td>Olli Sirkka<\/td><\/tr><tr><td><\/td><td>Kaisa Ventel\u00e4<\/td><\/tr><tr><td>SYYSLUKUKAUSI<\/td><td><\/td><\/tr><tr><td>Puheenjohtaja:<\/td><td>Olli Sirkka<\/td><\/tr><tr><td>Hallitus:<\/td><td>Pauli Riihinen<\/td><\/tr><tr><td><\/td><td>Milja Kunnas<\/td><\/tr><tr><td><\/td><td>Minna Hepoviita<\/td><\/tr><tr><td><\/td><td>Kai Kronstr\u00f6m<\/td><\/tr><tr><td><\/td><td>Katariina Pukkila<\/td><\/tr><tr><td><\/td><td>Kaisa Ventel\u00e4<\/td><\/tr><tr><td><\/td><td><\/td><\/tr><tr><td><strong>1993<\/strong><\/td><td><\/td><\/tr><tr><td>Puheenjohtaja:<\/td><td>Katariina Pukkila<\/td><\/tr><tr><td>Hallitus:<\/td><td>Tero Siivola<\/td><\/tr><tr><td><\/td><td>Jarkko Aro<\/td><\/tr><tr><td><\/td><td>Kristian Jansson<\/td><\/tr><tr><td><\/td><td>Markus Jokela<\/td><\/tr><tr><td><\/td><td>Keijo Kantoj\u00e4rvi<\/td><\/tr><tr><td><\/td><td>Timo Riihimaa<\/td><\/tr><tr><td><\/td><td>Markku Jokila<\/td><\/tr><tr><td><\/td><td>Tommi Turkki<\/td><\/tr><tr><td><\/td><td>Kaisa Ventel\u00e4<\/td><\/tr><tr><td><\/td><td>&nbsp;Sonja Hilavuo<\/td><\/tr><tr><td><\/td><td><\/td><\/tr><tr><td><strong>1992<\/strong><\/td><td><\/td><\/tr><tr><td>Puheenjohtaja:<\/td><td>Markus Mattila<\/td><\/tr><tr><td>Hallitus:<\/td><td>Katariina Pukkila<\/td><\/tr><tr><td><\/td><td>Markku Jokila<\/td><\/tr><tr><td><\/td><td>Pekka Reinikainen<\/td><\/tr><tr><td><\/td><td>Tero-Jussi Teppo<\/td><\/tr><tr><td><\/td><td>Jaakko Heikkil\u00e4<\/td><\/tr><tr><td><\/td><td>Mika Leonsaari<\/td><\/tr><tr><td><\/td><td>Tapani Palmu<\/td><\/tr><tr><td><\/td><td>Kristian Jansson<\/td><\/tr><tr><td><\/td><td>Timo Elomaa<\/td><\/tr><tr><td><\/td><td>Juha-Pekka Helminen<\/td><\/tr><tr><td><\/td><td><\/td><\/tr><tr><td><strong>1991<\/strong><\/td><td><\/td><\/tr><tr><td>Puheenjohtaja:<\/td><td>Tapani Palmu<\/td><\/tr><tr><td>Hallituksen\n  j\u00e4senet:<\/td><td>Markus Mattila<\/td><\/tr><tr><td><\/td><td>Jaakko Heikkil\u00e4<\/td><\/tr><tr><td><\/td><td>Tero-Jussi Teppo<\/td><\/tr><tr><td><\/td><td>Minna Peltonen<\/td><\/tr><tr><td>Toimihenkil\u00f6t:<\/td><td>Moni Banerjee<\/td><\/tr><tr><td><\/td><td>Katariina Jaakkola<\/td><\/tr><tr><td><\/td><td>Katariina Pukkila<\/td><\/tr><tr><td><\/td><td><\/td><\/tr><tr><td><strong>1990<\/strong><\/td><td><\/td><\/tr><tr><td>Puheenjohtaja:<\/td><td>Kimmo Forsberg<\/td><\/tr><tr><td>Hallitus:<\/td><td>Mika H\u00e4kkinen<\/td><\/tr><tr><td><\/td><td>Timo Kettunen<\/td><\/tr><tr><td><\/td><td>Heikki Lassila<\/td><\/tr><tr><td><\/td><td>Tarja Juhola<\/td><\/tr><tr><td><\/td><td>Kari Halavaara<\/td><\/tr><tr><td><\/td><td>Kai Tuorila<\/td><\/tr><tr><td><\/td><td>Tiina Anttila<\/td><\/tr><tr><td>Toimihenkil\u00f6t:<\/td><td>Tapani Palmu<\/td><\/tr><tr><td><\/td><td>Tero-Jussi Teppo<\/td><\/tr><tr><td><\/td><td>Marko Lehtim\u00e4ki<\/td><\/tr><tr><td><\/td><td><\/td><\/tr><tr><td><strong>1989<\/strong><\/td><td><\/td><\/tr><tr><td>KEV\u00c4TLUKUKAUSI<\/td><td><\/td><\/tr><tr><td>Puheenjohtaja:<\/td><td>Kai Tuorila<\/td><\/tr><tr><td>Hallitus:<\/td><td>Ari Mattila<\/td><\/tr><tr><td><\/td><td>Kimmo Forsberg<\/td><\/tr><tr><td><\/td><td>Mika Kiiskinen<\/td><\/tr><tr><td><\/td><td>Johanna Timonen<\/td><\/tr><tr><td><\/td><td>Jari Tuorila<\/td><\/tr><tr><td><\/td><td>Jussi Koskiniemi<\/td><\/tr><tr><td>Toimihenkil\u00f6t:<\/td><td>Timo Pitk\u00e4niemi<\/td><\/tr><tr><td>SYYSLUKUKAUSI<\/td><td><\/td><\/tr><tr><td>Puheenjohtaja:<\/td><td>Kimmo Forsberg<\/td><\/tr><tr><td>Hallitus:<\/td><td>Mika Kiiskinen<\/td><\/tr><tr><td><\/td><td>Jari Tuorila<\/td><\/tr><tr><td><\/td><td>Jussi Koskiniemi<\/td><\/tr><tr><td><\/td><td>Timo Pitk\u00e4niemi<\/td><\/tr><tr><td><\/td><td>Johanna Timonen<\/td><\/tr><tr><td><\/td><td>Mika H\u00e4kkinen<\/td><\/tr><tr><td><\/td><td>Heikki Lassila<\/td><\/tr><tr><td><\/td><td>Timo Kettunen<\/td><\/tr><tr><td><\/td><td><\/td><\/tr><tr><td><strong>1988<\/strong><\/td><td><\/td><\/tr><tr><td>Puheenjohtaja:<\/td><td>Jari Tuorila<\/td><\/tr><tr><td>Hallitus:<\/td><td>Jari Vahti<\/td><\/tr><tr><td><\/td><td>Jukka Mansikka<\/td><\/tr><tr><td><\/td><td>Ari Marttila<\/td><\/tr><tr><td><\/td><td>Sari Korsman<\/td><\/tr><tr><td><\/td><td>Minna Kivist\u00f6<\/td><\/tr><tr><td><\/td><td><\/td><\/tr><tr><td><strong>1987<\/strong><\/td><td><\/td><\/tr><tr><td>KEV\u00c4TLUKUKAUSI<\/td><td><\/td><\/tr><tr><td>Puheenjohtaja:<\/td><td>Kimmo Suupohja<\/td><\/tr><tr><td>Hallitus:<\/td><td>Kati Ollila<\/td><\/tr><tr><td><\/td><td>Markku Niskanen<\/td><\/tr><tr><td><\/td><td>Pekka Rissanen<\/td><\/tr><tr><td><\/td><td>Pekka Jussila<\/td><\/tr><tr><td><\/td><td>Harri Koivula<\/td><\/tr><tr><td>SYYSLUKUKAUSI<\/td><td><\/td><\/tr><tr><td>Puheenjohtaja:<\/td><td>Seppo Laukkanen<\/td><\/tr><tr><td><\/td><td><\/td><\/tr><tr><td>Hallitus:<\/td><td>Jari Tuorila<\/td><\/tr><tr><td><\/td><td>Kenneth Lehtola<\/td><\/tr><tr><td><\/td><td>Jukka Mansikka<\/td><\/tr><tr><td><\/td><td><\/td><\/tr><\/tbody><\/table><\/figure>","protected":false},"excerpt":{"rendered":"<p>2025 Puheenjohtaja Nea Airaksinen Sihteeri Lauri Kontinen Rahastonhoitaja Matti H\u00e4m\u00e4l\u00e4inen Yritysvastaava Daniel Kario Teekkarivastaava Jesse Maijanen Tapahtumavastaava Sanni Jaatinen Fuksikapteeni Kasper Myllykangas Kolmiovastaava Vilma Salo KV-vastaava Emmi Kultala Opintovastaava Madalina [&hellip;]<\/p>","protected":false},"author":2,"featured_media":0,"parent":0,"menu_order":0,"comment_status":"closed","ping_status":"closed","template":"","meta":{"_uag_custom_page_level_css":"","advanced_seo_description":"","jetpack_seo_html_title":"","jetpack_seo_noindex":false,"_EventAllDay":false,"_EventTimezone":"","_EventStartDate":"","_EventEndDate":"","_EventStartDateUTC":"","_EventEndDateUTC":"","_EventShowMap":false,"_EventShowMapLink":false,"_EventURL":"","_EventCost":"","_EventCostDescription":"","_EventCurrencySymbol":"","_EventCurrencyCode":"","_EventCurrencyPosition":"","_EventDateTimeSeparator":"","_EventTimeRangeSeparator":"","_EventOrganizerID":[],"_EventVenueID":[],"_OrganizerEmail":"","_OrganizerPhone":"","_OrganizerWebsite":"","_VenueAddress":"","_VenueCity":"","_VenueCountry":"","_VenueProvince":"","_VenueState":"","_VenueZip":"","_VenuePhone":"","_VenueURL":"","_VenueStateProvince":"","_VenueLat":"","_VenueLng":"","_VenueShowMap":false,"_VenueShowMapLink":false,"footnotes":""},"categories":[],"tags":[],"class_list":["post-2067","page","type-page","status-publish","hentry"],"uagb_featured_image_src":{"full":false,"thumbnail":false,"medium":false,"medium_large":false,"large":false,"1536x1536":false,"2048x2048":false,"trp-custom-language-flag":false},"uagb_author_info":{"display_name":"","author_link":"https:\/\/indecs.fi\/en\/author\/"},"uagb_comment_info":0,"uagb_excerpt":"2025 Puheenjohtaja Nea Airaksinen Sihteeri Lauri Kontinen Rahastonhoitaja Matti H\u00e4m\u00e4l\u00e4inen Yritysvastaava Daniel Kario Teekkarivastaava Jesse Maijanen Tapahtumavastaava Sanni Jaatinen Fuksikapteeni Kasper Myllykangas Kolmiovastaava Vilma Salo KV-vastaava Emmi Kultala Opintovastaava Madalina [&hellip;]","_links":{"self":[{"href":"https:\/\/indecs.fi\/en\/wp-json\/wp\/v2\/pages\/2067","targetHints":{"allow":["GET"]}}],"collection":[{"href":"https:\/\/indecs.fi\/en\/wp-json\/wp\/v2\/pages"}],"about":[{"href":"https:\/\/indecs.fi\/en\/wp-json\/wp\/v2\/types\/page"}],"author":[{"embeddable":true,"href":"https:\/\/indecs.fi\/en\/wp-json\/wp\/v2\/users\/2"}],"replies":[{"embeddable":true,"href":"https:\/\/indecs.fi\/en\/wp-json\/wp\/v2\/comments?post=2067"}],"version-history":[{"count":15,"href":"https:\/\/indecs.fi\/en\/wp-json\/wp\/v2\/pages\/2067\/revisions"}],"predecessor-version":[{"id":5657,"href":"https:\/\/indecs.fi\/en\/wp-json\/wp\/v2\/pages\/2067\/revisions\/5657"}],"wp:attachment":[{"href":"https:\/\/indecs.fi\/en\/wp-json\/wp\/v2\/media?parent=2067"}],"wp:term":[{"taxonomy":"category","embeddable":true,"href":"https:\/\/indecs.fi\/en\/wp-json\/wp\/v2\/categories?post=2067"},{"taxonomy":"post_tag","embeddable":true,"href":"https:\/\/indecs.fi\/en\/wp-json\/wp\/v2\/tags?post=2067"}],"curies":[{"name":"wp","href":"https:\/\/api.w.org\/{rel}","templated":true}]}}